{"id":5,"date":"2023-05-04T12:11:32","date_gmt":"2023-05-04T10:11:32","guid":{"rendered":"http:\/\/nasze-projekty.pl\/?page_id=5"},"modified":"2025-08-21T14:00:50","modified_gmt":"2025-08-21T12:00:50","slug":"2021-1-pmu-4410","status":"publish","type":"page","link":"http:\/\/nasze-projekty.pl\/?page_id=5","title":{"rendered":"2021-1-PMU-4410"},"content":{"rendered":"\t\t<div data-elementor-type=\"wp-page\" data-elementor-id=\"5\" class=\"elementor elementor-5\">\n\t\t\t\t\t\t<section class=\"elementor-section elementor-top-section elementor-element elementor-element-530d9cf6 elementor-section-height-min-height elementor-section-boxed elementor-section-height-default elementor-section-items-middle wpr-particle-no wpr-jarallax-no wpr-parallax-no wpr-sticky-section-no\" data-id=\"530d9cf6\" data-element_type=\"section\" data-e-type=\"section\" data-settings=\"{&quot;background_background&quot;:&quot;classic&quot;}\">\n\t\t\t\t\t\t<div class=\"elementor-container elementor-column-gap-default\">\n\t\t\t\t\t<div class=\"elementor-column elementor-col-100 elementor-top-column elementor-element elementor-element-3fa85112\" data-id=\"3fa85112\" data-element_type=\"column\" data-e-type=\"column\" data-settings=\"{&quot;background_background&quot;:&quot;classic&quot;}\">\n\t\t\t<div class=\"elementor-widget-wrap elementor-element-populated\">\n\t\t\t\t\t\t<div class=\"elementor-element elementor-element-ed141a8 elementor-widget elementor-widget-heading\" data-id=\"ed141a8\" data-element_type=\"widget\" data-e-type=\"widget\" data-widget_type=\"heading.default\">\n\t\t\t\t<div class=\"elementor-widget-container\">\n\t\t\t\t\t<h2 class=\"elementor-heading-title elementor-size-default\">Kultura i obyczaje narz\u0119dziem wzmacniania kompetencji kluczowych uczni\u00f3w Szko\u0142y Podstawowej w B\u0105kowie G\u00f3rnym<\/h2>\t\t\t\t<\/div>\n\t\t\t\t<\/div>\n\t\t\t\t<div class=\"elementor-element elementor-element-078b09f elementor-widget elementor-widget-image\" data-id=\"078b09f\" data-element_type=\"widget\" data-e-type=\"widget\" data-widget_type=\"image.default\">\n\t\t\t\t<div class=\"elementor-widget-container\">\n\t\t\t\t\t\t\t\t\t\t\t\t\t\t\t<img fetchpriority=\"high\" decoding=\"async\" width=\"776\" height=\"93\" src=\"http:\/\/nasze-projekty.pl\/wp-content\/uploads\/2023\/07\/finansowaie-loga-PL-Fundusze-Europejskie.jpg\" class=\"attachment-large size-large wp-image-452\" alt=\"\" srcset=\"http:\/\/nasze-projekty.pl\/wp-content\/uploads\/2023\/07\/finansowaie-loga-PL-Fundusze-Europejskie.jpg 776w, http:\/\/nasze-projekty.pl\/wp-content\/uploads\/2023\/07\/finansowaie-loga-PL-Fundusze-Europejskie-300x36.jpg 300w, http:\/\/nasze-projekty.pl\/wp-content\/uploads\/2023\/07\/finansowaie-loga-PL-Fundusze-Europejskie-768x92.jpg 768w\" sizes=\"(max-width: 776px) 100vw, 776px\" \/>\t\t\t\t\t\t\t\t\t\t\t\t\t\t\t<\/div>\n\t\t\t\t<\/div>\n\t\t\t\t<div class=\"elementor-element elementor-element-cf276a0 elementor-widget elementor-widget-heading\" data-id=\"cf276a0\" data-element_type=\"widget\" data-e-type=\"widget\" data-widget_type=\"heading.default\">\n\t\t\t\t<div class=\"elementor-widget-container\">\n\t\t\t\t\t<h2 class=\"elementor-heading-title elementor-size-default\">2021-1-PMU-4410 <\/h2>\t\t\t\t<\/div>\n\t\t\t\t<\/div>\n\t\t\t\t<div class=\"elementor-element elementor-element-b03dc59 elementor-widget elementor-widget-image\" data-id=\"b03dc59\" data-element_type=\"widget\" data-e-type=\"widget\" data-widget_type=\"image.default\">\n\t\t\t\t<div class=\"elementor-widget-container\">\n\t\t\t\t\t\t\t\t\t\t\t\t\t\t\t\t<a href=\"http:\/\/nasze-projekty.pl\/wp-content\/uploads\/2023\/08\/Plakat-KULTURA-I-OBYCZAJE-NARZEDZIEM-ZMACNIANIA-KOMPETENCJI-KLUCZOWYCH-UCZNIOW-SZKOLY-PODSTAWOWEJ-W-BAKOWIE-GORNYM.png\" data-elementor-open-lightbox=\"yes\" data-elementor-lightbox-title=\"Plakat- KULTURA I OBYCZAJE NARZ\u0118DZIEM ZMACNIANIA KOMPETENCJI KLUCZOWYCH UCZNI\u00d3W SZKO\u0141Y PODSTAWOWEJ W B\u0104KOWIE G\u00d3RNYM\" data-e-action-hash=\"#elementor-action%3Aaction%3Dlightbox%26settings%3DeyJpZCI6MzU3LCJ1cmwiOiJodHRwOlwvXC9uYXN6ZS1wcm9qZWt0eS5wbFwvd3AtY29udGVudFwvdXBsb2Fkc1wvMjAyM1wvMDhcL1BsYWthdC1LVUxUVVJBLUktT0JZQ1pBSkUtTkFSWkVEWklFTS1aTUFDTklBTklBLUtPTVBFVEVOQ0pJLUtMVUNaT1dZQ0gtVUNaTklPVy1TWktPTFktUE9EU1RBV09XRUotVy1CQUtPV0lFLUdPUk5ZTS5wbmcifQ%3D%3D\">\n\t\t\t\t\t\t\t<img decoding=\"async\" width=\"724\" height=\"1024\" src=\"http:\/\/nasze-projekty.pl\/wp-content\/uploads\/2023\/08\/Plakat-KULTURA-I-OBYCZAJE-NARZEDZIEM-ZMACNIANIA-KOMPETENCJI-KLUCZOWYCH-UCZNIOW-SZKOLY-PODSTAWOWEJ-W-BAKOWIE-GORNYM-724x1024.png\" class=\"attachment-large size-large wp-image-357\" alt=\"\" srcset=\"http:\/\/nasze-projekty.pl\/wp-content\/uploads\/2023\/08\/Plakat-KULTURA-I-OBYCZAJE-NARZEDZIEM-ZMACNIANIA-KOMPETENCJI-KLUCZOWYCH-UCZNIOW-SZKOLY-PODSTAWOWEJ-W-BAKOWIE-GORNYM-724x1024.png 724w, http:\/\/nasze-projekty.pl\/wp-content\/uploads\/2023\/08\/Plakat-KULTURA-I-OBYCZAJE-NARZEDZIEM-ZMACNIANIA-KOMPETENCJI-KLUCZOWYCH-UCZNIOW-SZKOLY-PODSTAWOWEJ-W-BAKOWIE-GORNYM-212x300.png 212w, http:\/\/nasze-projekty.pl\/wp-content\/uploads\/2023\/08\/Plakat-KULTURA-I-OBYCZAJE-NARZEDZIEM-ZMACNIANIA-KOMPETENCJI-KLUCZOWYCH-UCZNIOW-SZKOLY-PODSTAWOWEJ-W-BAKOWIE-GORNYM-768x1086.png 768w, http:\/\/nasze-projekty.pl\/wp-content\/uploads\/2023\/08\/Plakat-KULTURA-I-OBYCZAJE-NARZEDZIEM-ZMACNIANIA-KOMPETENCJI-KLUCZOWYCH-UCZNIOW-SZKOLY-PODSTAWOWEJ-W-BAKOWIE-GORNYM-1086x1536.png 1086w, http:\/\/nasze-projekty.pl\/wp-content\/uploads\/2023\/08\/Plakat-KULTURA-I-OBYCZAJE-NARZEDZIEM-ZMACNIANIA-KOMPETENCJI-KLUCZOWYCH-UCZNIOW-SZKOLY-PODSTAWOWEJ-W-BAKOWIE-GORNYM-1448x2048.png 1448w, http:\/\/nasze-projekty.pl\/wp-content\/uploads\/2023\/08\/Plakat-KULTURA-I-OBYCZAJE-NARZEDZIEM-ZMACNIANIA-KOMPETENCJI-KLUCZOWYCH-UCZNIOW-SZKOLY-PODSTAWOWEJ-W-BAKOWIE-GORNYM.png 1587w\" sizes=\"(max-width: 724px) 100vw, 724px\" \/>\t\t\t\t\t\t\t\t<\/a>\n\t\t\t\t\t\t\t\t\t\t\t\t\t\t\t<\/div>\n\t\t\t\t<\/div>\n\t\t\t\t\t<\/div>\n\t\t<\/div>\n\t\t\t\t\t<\/div>\n\t\t<\/section>\n\t\t\t\t<section class=\"elementor-section elementor-top-section elementor-element elementor-element-1e00116 elementor-section-boxed elementor-section-height-default elementor-section-height-default wpr-particle-no wpr-jarallax-no wpr-parallax-no wpr-sticky-section-no\" data-id=\"1e00116\" data-element_type=\"section\" data-e-type=\"section\">\n\t\t\t\t\t\t<div class=\"elementor-container elementor-column-gap-default\">\n\t\t\t\t\t<div class=\"elementor-column elementor-col-100 elementor-top-column elementor-element elementor-element-f9ce34b\" data-id=\"f9ce34b\" data-element_type=\"column\" data-e-type=\"column\">\n\t\t\t<div class=\"elementor-widget-wrap elementor-element-populated\">\n\t\t\t\t\t\t<div class=\"elementor-element elementor-element-27c6ff8 wpr-grid-columns-1 wpr-grid-columns--tablet1 wpr-grid-columns--mobile1 wpr-grid-pagination-center wpr-item-styles-inner elementor-widget elementor-widget-wpr-grid\" data-id=\"27c6ff8\" data-element_type=\"widget\" data-e-type=\"widget\" data-widget_type=\"wpr-grid.default\">\n\t\t\t\t<div class=\"elementor-widget-container\">\n\t\t\t\t\t<ul class=\"wpr-grid-filters elementor-clearfix wpr-grid-filters-sep-right\"><li class=\" wpr-pointer-none wpr-pointer-line-fx wpr-pointer-fx-none\"><span   data-ajax-filter=[\"category\",\"kultura-i-folklor\"]  data-filter=\".category-kultura-i-folklor\">Kultura i folklor<\/span><em class=\"wpr-grid-filters-sep\"><\/em><\/li><\/ul><section class=\"wpr-grid elementor-clearfix\" data-settings=\"{&quot;layout&quot;:&quot;list&quot;,&quot;stick_last_element_to_bottom&quot;:&quot;no&quot;,&quot;columns_desktop&quot;:&quot;1&quot;,&quot;gutter_hr&quot;:15,&quot;gutter_hr_mobile&quot;:15,&quot;gutter_hr_mobile_extra&quot;:15,&quot;gutter_hr_tablet&quot;:15,&quot;gutter_hr_tablet_extra&quot;:15,&quot;gutter_hr_laptop&quot;:15,&quot;gutter_hr_widescreen&quot;:15,&quot;gutter_vr&quot;:50,&quot;gutter_vr_mobile&quot;:50,&quot;gutter_vr_mobile_extra&quot;:50,&quot;gutter_vr_tablet&quot;:50,&quot;gutter_vr_tablet_extra&quot;:50,&quot;gutter_vr_laptop&quot;:50,&quot;gutter_vr_widescreen&quot;:50,&quot;animation&quot;:&quot;default&quot;,&quot;animation_duration&quot;:0.3,&quot;animation_delay&quot;:0.1,&quot;deeplinking&quot;:&quot;&quot;,&quot;filters_linkable&quot;:&quot;no&quot;,&quot;filters_default_filter&quot;:&quot;&quot;,&quot;filters_count&quot;:&quot;&quot;,&quot;filters_hide_empty&quot;:&quot;yes&quot;,&quot;filters_animation&quot;:&quot;default&quot;,&quot;filters_animation_duration&quot;:0.3,&quot;filters_animation_delay&quot;:0.1,&quot;pagination_type&quot;:&quot;numbered&quot;,&quot;pagination_max_pages&quot;:2,&quot;media_align&quot;:&quot;left&quot;,&quot;media_width&quot;:50,&quot;media_distance&quot;:20,&quot;lightbox&quot;:{&quot;selector&quot;:&quot;.wpr-grid-image-wrap&quot;,&quot;iframeMaxWidth&quot;:&quot;60%&quot;,&quot;hash&quot;:false,&quot;autoplay&quot;:&quot;true&quot;,&quot;pause&quot;:5000,&quot;progressBar&quot;:&quot;true&quot;,&quot;counter&quot;:&quot;true&quot;,&quot;controls&quot;:&quot;true&quot;,&quot;getCaptionFromTitleOrAlt&quot;:&quot;true&quot;,&quot;thumbnail&quot;:&quot;&quot;,&quot;showThumbByDefault&quot;:&quot;&quot;,&quot;share&quot;:&quot;&quot;,&quot;zoom&quot;:&quot;true&quot;,&quot;fullScreen&quot;:&quot;true&quot;,&quot;download&quot;:&quot;true&quot;}}\" data-advanced-filters=\"no\"><article class=\"wpr-grid-item elementor-clearfix post-333 post type-post status-publish format-standard has-post-thumbnail hentry category-kultura-i-folklor\"><div class=\"wpr-grid-item-inner\"><div class=\"wpr-grid-media-wrap wpr-effect-size-medium \" data-overlay-link=\"yes\"><div class=\"wpr-grid-image-wrap\" data-src=\"http:\/\/nasze-projekty.pl\/wp-content\/uploads\/2023\/08\/Broszura-projektowa-Kultura-i-obyczaje-narzedziem-wzmacniania-kompetencji-kluczowych-uczniow-SP-w-Bakowie-Gornym-768x432.jpg\" data-img-on-hover=\"\"  data-src-secondary=\"\"><img decoding=\"async\" data-no-lazy=\"1\" src=\"http:\/\/nasze-projekty.pl\/wp-content\/uploads\/2023\/08\/Broszura-projektowa-Kultura-i-obyczaje-narzedziem-wzmacniania-kompetencji-kluczowych-uczniow-SP-w-Bakowie-Gornym-768x432.jpg\" alt=\"O PROJEKCIE\" class=\"wpr-anim-timing-ease-default\"><\/div><div class=\"wpr-grid-media-hover wpr-animation-wrap\"><div class=\"wpr-grid-media-hover-bg  wpr-overlay-fade-in wpr-anim-size-large wpr-anim-timing-ease-default wpr-anim-transparency\" data-url=\"http:\/\/nasze-projekty.pl\/?p=333\"><\/div><\/div><\/div><div class=\"wpr-grid-item-below-content elementor-clearfix\"><div class=\"wpr-grid-item-category elementor-repeater-item-7a9afee wpr-grid-item-display-block wpr-grid-item-align-left wpr-pointer-none wpr-pointer-line-fx wpr-pointer-fx-fade wpr-grid-tax-style-1\"><div class=\"inner-block\"><a class=\" wpr-tax-id-1\" href=\"http:\/\/nasze-projekty.pl\/?cat=1\">Kultura i folklor<\/a><\/div><\/div><h2 class=\"wpr-grid-item-title elementor-repeater-item-2d29edf wpr-grid-item-display-block wpr-grid-item-align-left wpr-pointer-none wpr-pointer-line-fx wpr-pointer-fx-fade\"><div class=\"inner-block\"><a target=\"_self\"  href=\"http:\/\/nasze-projekty.pl\/?p=333\">O PROJEKCIE<\/a><\/div><\/h2><div class=\"wpr-grid-item-date elementor-repeater-item-589fcd9 wpr-grid-item-display-block wpr-grid-item-align-left\"><div class=\"inner-block\"><span>2023-07-10<\/span><\/div><\/div><div class=\"wpr-grid-item-excerpt elementor-repeater-item-0025724 wpr-grid-item-display-block wpr-grid-item-align-left\"><div class=\"inner-block\"><p>19 czerwca 2023 r. podsumowali\u015bmy projekt, kt\u00f3ry by\u0142 realizowany przez 20 uczni\u00f3w naszej szko\u0142y podczas dwutygodniowego pobytu w Grecji \u2013 pod nazw\u0105 \u201e Kultura i obyczaje narz\u0119dziem wzmacniania kompetencji kluczowych uczni\u00f3w Szko\u0142y Podstawowej w B\u0105kowie G\u00f3rnym\u201d<\/p><\/div><\/div><div class=\"wpr-grid-item-read-more elementor-repeater-item-716d6c5 wpr-grid-item-display-block wpr-grid-item-align-left\"><div class=\"inner-block\"><a target=\"_self\" href=\"http:\/\/nasze-projekty.pl\/?p=333\" class=\"wpr-button-effect wpr-button-none\"><span>Read More<\/span><\/a><\/div><\/div><\/div><\/div><\/article><article class=\"wpr-grid-item elementor-clearfix post-171 post type-post status-publish format-standard has-post-thumbnail hentry category-kultura-i-folklor\"><div class=\"wpr-grid-item-inner\"><div class=\"wpr-grid-media-wrap wpr-effect-size-medium \" data-overlay-link=\"yes\"><div class=\"wpr-grid-image-wrap\" data-src=\"http:\/\/nasze-projekty.pl\/wp-content\/uploads\/2023\/05\/Ancient_Theatre_of_Larissa_in_a_sunny_day-768x576.jpg\" data-img-on-hover=\"\"  data-src-secondary=\"\"><img decoding=\"async\" data-no-lazy=\"1\" src=\"http:\/\/nasze-projekty.pl\/wp-content\/uploads\/2023\/05\/Ancient_Theatre_of_Larissa_in_a_sunny_day-768x576.jpg\" alt=\"Amfiteatr w Larisie\" class=\"wpr-anim-timing-ease-default\"><\/div><div class=\"wpr-grid-media-hover wpr-animation-wrap\"><div class=\"wpr-grid-media-hover-bg  wpr-overlay-fade-in wpr-anim-size-large wpr-anim-timing-ease-default wpr-anim-transparency\" data-url=\"http:\/\/nasze-projekty.pl\/?p=171\"><\/div><\/div><\/div><div class=\"wpr-grid-item-below-content elementor-clearfix\"><div class=\"wpr-grid-item-category elementor-repeater-item-7a9afee wpr-grid-item-display-block wpr-grid-item-align-left wpr-pointer-none wpr-pointer-line-fx wpr-pointer-fx-fade wpr-grid-tax-style-1\"><div class=\"inner-block\"><a class=\" wpr-tax-id-1\" href=\"http:\/\/nasze-projekty.pl\/?cat=1\">Kultura i folklor<\/a><\/div><\/div><h2 class=\"wpr-grid-item-title elementor-repeater-item-2d29edf wpr-grid-item-display-block wpr-grid-item-align-left wpr-pointer-none wpr-pointer-line-fx wpr-pointer-fx-fade\"><div class=\"inner-block\"><a target=\"_self\"  href=\"http:\/\/nasze-projekty.pl\/?p=171\">Amfiteatr w Larisie<\/a><\/div><\/h2><div class=\"wpr-grid-item-date elementor-repeater-item-589fcd9 wpr-grid-item-display-block wpr-grid-item-align-left\"><div class=\"inner-block\"><span>2023-06-21<\/span><\/div><\/div><div class=\"wpr-grid-item-excerpt elementor-repeater-item-0025724 wpr-grid-item-display-block wpr-grid-item-align-left\"><div class=\"inner-block\"><p>Teatr w Larisie \u2013 staro\u017cytny teatr grecki z III w. p.n.e. w Larisie, jeden z najwi\u0119kszych tego typu w Grecji \u2013 na 10 tys. widz\u00f3w, funkcjonuj\u0105cy pocz\u0105tkowo jako teatr i miejsce spotka\u0144 najwy\u017cszego regionalnego organu administracyjnego Ligii Tesalskiej, pod koniec I w. p.n.e. przekszta\u0142cony w rzymsk\u0105 aren\u0119. W 2014 roku teatr zosta\u0142 wpisany na greck\u0105 list\u0119 informacyjn\u0105 UNESCO.<\/p><\/div><\/div><div class=\"wpr-grid-item-read-more elementor-repeater-item-716d6c5 wpr-grid-item-display-block wpr-grid-item-align-left\"><div class=\"inner-block\"><a target=\"_self\" href=\"http:\/\/nasze-projekty.pl\/?p=171\" class=\"wpr-button-effect wpr-button-none\"><span>Read More<\/span><\/a><\/div><\/div><\/div><\/div><\/article><article class=\"wpr-grid-item elementor-clearfix post-177 post type-post status-publish format-standard has-post-thumbnail hentry category-kultura-i-folklor\"><div class=\"wpr-grid-item-inner\"><div class=\"wpr-grid-media-wrap wpr-effect-size-medium \" data-overlay-link=\"yes\"><div class=\"wpr-grid-image-wrap\" data-src=\"http:\/\/nasze-projekty.pl\/wp-content\/uploads\/2023\/06\/Projekt-bez-nazwy-768x373.jpg\" data-img-on-hover=\"\"  data-src-secondary=\"\"><img decoding=\"async\" data-no-lazy=\"1\" src=\"http:\/\/nasze-projekty.pl\/wp-content\/uploads\/2023\/06\/Projekt-bez-nazwy-768x373.jpg\" alt=\"Greek cuisine\" class=\"wpr-anim-timing-ease-default\"><\/div><div class=\"wpr-grid-media-hover wpr-animation-wrap\"><div class=\"wpr-grid-media-hover-bg  wpr-overlay-fade-in wpr-anim-size-large wpr-anim-timing-ease-default wpr-anim-transparency\" data-url=\"http:\/\/nasze-projekty.pl\/?p=177\"><\/div><\/div><\/div><div class=\"wpr-grid-item-below-content elementor-clearfix\"><div class=\"wpr-grid-item-category elementor-repeater-item-7a9afee wpr-grid-item-display-block wpr-grid-item-align-left wpr-pointer-none wpr-pointer-line-fx wpr-pointer-fx-fade wpr-grid-tax-style-1\"><div class=\"inner-block\"><a class=\" wpr-tax-id-1\" href=\"http:\/\/nasze-projekty.pl\/?cat=1\">Kultura i folklor<\/a><\/div><\/div><h2 class=\"wpr-grid-item-title elementor-repeater-item-2d29edf wpr-grid-item-display-block wpr-grid-item-align-left wpr-pointer-none wpr-pointer-line-fx wpr-pointer-fx-fade\"><div class=\"inner-block\"><a target=\"_self\"  href=\"http:\/\/nasze-projekty.pl\/?p=177\">Greek cuisine<\/a><\/div><\/h2><div class=\"wpr-grid-item-date elementor-repeater-item-589fcd9 wpr-grid-item-display-block wpr-grid-item-align-left\"><div class=\"inner-block\"><span>2023-05-10<\/span><\/div><\/div><div class=\"wpr-grid-item-excerpt elementor-repeater-item-0025724 wpr-grid-item-display-block wpr-grid-item-align-left\"><div class=\"inner-block\"><p>Greek cuisine is primarily olive oil, fresh vegetables, honey, feta cheese and yogurt. There is also no shortage of fish, seafood and meat dishes. The secret to the good taste of Greek dishes is always fresh and natural ingredients and homemade recipes that have been used for generations. The Greeks attach great importance to the preparation of meals and the consumption itself.<\/p><\/div><\/div><div class=\"wpr-grid-item-read-more elementor-repeater-item-716d6c5 wpr-grid-item-display-block wpr-grid-item-align-left\"><div class=\"inner-block\"><a target=\"_self\" href=\"http:\/\/nasze-projekty.pl\/?p=177\" class=\"wpr-button-effect wpr-button-none\"><span>Read More<\/span><\/a><\/div><\/div><\/div><\/div><\/article><article class=\"wpr-grid-item elementor-clearfix post-111 post type-post status-publish format-standard has-post-thumbnail hentry category-kultura-i-folklor\"><div class=\"wpr-grid-item-inner\"><div class=\"wpr-grid-media-wrap wpr-effect-size-medium \" data-overlay-link=\"yes\"><div class=\"wpr-grid-image-wrap\" data-src=\"http:\/\/nasze-projekty.pl\/wp-content\/uploads\/2023\/05\/walewice-2-900x675-1-768x576.jpg\" data-img-on-hover=\"\"  data-src-secondary=\"\"><img decoding=\"async\" data-no-lazy=\"1\" src=\"http:\/\/nasze-projekty.pl\/wp-content\/uploads\/2023\/05\/walewice-2-900x675-1-768x576.jpg\" alt=\"OLYMPUS DIGITAL CAMERA\" class=\"wpr-anim-timing-ease-default\"><\/div><div class=\"wpr-grid-media-hover wpr-animation-wrap\"><div class=\"wpr-grid-media-hover-bg  wpr-overlay-fade-in wpr-anim-size-large wpr-anim-timing-ease-default wpr-anim-transparency\" data-url=\"http:\/\/nasze-projekty.pl\/?p=111\"><\/div><\/div><\/div><div class=\"wpr-grid-item-below-content elementor-clearfix\"><div class=\"wpr-grid-item-category elementor-repeater-item-7a9afee wpr-grid-item-display-block wpr-grid-item-align-left wpr-pointer-none wpr-pointer-line-fx wpr-pointer-fx-fade wpr-grid-tax-style-1\"><div class=\"inner-block\"><a class=\" wpr-tax-id-1\" href=\"http:\/\/nasze-projekty.pl\/?cat=1\">Kultura i folklor<\/a><\/div><\/div><h2 class=\"wpr-grid-item-title elementor-repeater-item-2d29edf wpr-grid-item-display-block wpr-grid-item-align-left wpr-pointer-none wpr-pointer-line-fx wpr-pointer-fx-fade\"><div class=\"inner-block\"><a target=\"_self\"  href=\"http:\/\/nasze-projekty.pl\/?p=111\">Pa\u0142ac w Walewicach<\/a><\/div><\/h2><div class=\"wpr-grid-item-date elementor-repeater-item-589fcd9 wpr-grid-item-display-block wpr-grid-item-align-left\"><div class=\"inner-block\"><span>2023-05-09<\/span><\/div><\/div><div class=\"wpr-grid-item-excerpt elementor-repeater-item-0025724 wpr-grid-item-display-block wpr-grid-item-align-left\"><div class=\"inner-block\"><p>Pa\u0142ac zaliczany jest do najciekawszych przyk\u0142ad\u00f3w klasycystycznych siedzib wiejskich w\u00a0Polsce, zbudowanych u schy\u0142ku XVIII w. Frontem zwr\u00f3cony jest na wsch\u00f3d. Sk\u0142ada si\u0119 z pi\u0119trowego, prostok\u0105tnego korpusu g\u0142\u00f3wnego i pi\u0119trowych pawilon\u00f3w bocznych wzniesionych r\u00f3wnie\u017c na planie prostok\u0105ta, po\u0142\u0105czonych z bry\u0142\u0105 g\u0142\u00f3wn\u0105 galeriami komunikacyjnymi za\u0142amanymi pod k\u0105tem prostym. Za\u0142o\u017cenie bazuje na stylu\u00a0palladia\u0144skim, bardzo popularnym w Polsce w drugiej po\u0142owie XVIII i pierwszej XIX w.<\/p><\/div><\/div><div class=\"wpr-grid-item-read-more elementor-repeater-item-716d6c5 wpr-grid-item-display-block wpr-grid-item-align-left\"><div class=\"inner-block\"><a target=\"_self\" href=\"http:\/\/nasze-projekty.pl\/?p=111\" class=\"wpr-button-effect wpr-button-none\"><span>Read More<\/span><\/a><\/div><\/div><\/div><\/div><\/article><article class=\"wpr-grid-item elementor-clearfix post-128 post type-post status-publish format-standard has-post-thumbnail hentry category-kultura-i-folklor\"><div class=\"wpr-grid-item-inner\"><div class=\"wpr-grid-media-wrap wpr-effect-size-medium \" data-overlay-link=\"yes\"><div class=\"wpr-grid-image-wrap\" data-src=\"http:\/\/nasze-projekty.pl\/wp-content\/uploads\/2023\/05\/barszcz.jpg\" data-img-on-hover=\"\"  data-src-secondary=\"\"><img decoding=\"async\" data-no-lazy=\"1\" src=\"http:\/\/nasze-projekty.pl\/wp-content\/uploads\/2023\/05\/barszcz.jpg\" alt=\"Polish food\" class=\"wpr-anim-timing-ease-default\"><\/div><div class=\"wpr-grid-media-hover wpr-animation-wrap\"><div class=\"wpr-grid-media-hover-bg  wpr-overlay-fade-in wpr-anim-size-large wpr-anim-timing-ease-default wpr-anim-transparency\" data-url=\"http:\/\/nasze-projekty.pl\/?p=128\"><\/div><\/div><\/div><div class=\"wpr-grid-item-below-content elementor-clearfix\"><div class=\"wpr-grid-item-category elementor-repeater-item-7a9afee wpr-grid-item-display-block wpr-grid-item-align-left wpr-pointer-none wpr-pointer-line-fx wpr-pointer-fx-fade wpr-grid-tax-style-1\"><div class=\"inner-block\"><a class=\" wpr-tax-id-1\" href=\"http:\/\/nasze-projekty.pl\/?cat=1\">Kultura i folklor<\/a><\/div><\/div><h2 class=\"wpr-grid-item-title elementor-repeater-item-2d29edf wpr-grid-item-display-block wpr-grid-item-align-left wpr-pointer-none wpr-pointer-line-fx wpr-pointer-fx-fade\"><div class=\"inner-block\"><a target=\"_self\"  href=\"http:\/\/nasze-projekty.pl\/?p=128\">Polish food<\/a><\/div><\/h2><div class=\"wpr-grid-item-date elementor-repeater-item-589fcd9 wpr-grid-item-display-block wpr-grid-item-align-left\"><div class=\"inner-block\"><span>2023-05-09<\/span><\/div><\/div><div class=\"wpr-grid-item-excerpt elementor-repeater-item-0025724 wpr-grid-item-display-block wpr-grid-item-align-left\"><div class=\"inner-block\"><p>In this post we present our regional food from B\u0105k\u00f3w G\u00f3rny in Poland. You will learn about beetroot stock, bigos, broth, pork chop, tomato soup and pierogi.<\/p><\/div><\/div><div class=\"wpr-grid-item-read-more elementor-repeater-item-716d6c5 wpr-grid-item-display-block wpr-grid-item-align-left\"><div class=\"inner-block\"><a target=\"_self\" href=\"http:\/\/nasze-projekty.pl\/?p=128\" class=\"wpr-button-effect wpr-button-none\"><span>Read More<\/span><\/a><\/div><\/div><\/div><\/div><\/article><article class=\"wpr-grid-item elementor-clearfix post-24 post type-post status-publish format-standard has-post-thumbnail hentry category-kultura-i-folklor\"><div class=\"wpr-grid-item-inner\"><div class=\"wpr-grid-media-wrap wpr-effect-size-medium \" data-overlay-link=\"yes\"><div class=\"wpr-grid-image-wrap\" data-src=\"http:\/\/nasze-projekty.pl\/wp-content\/uploads\/2023\/05\/n-a-100012_304310987.jpg\" data-img-on-hover=\"\"  data-src-secondary=\"\"><img decoding=\"async\" data-no-lazy=\"1\" src=\"http:\/\/nasze-projekty.pl\/wp-content\/uploads\/2023\/05\/n-a-100012_304310987.jpg\" alt=\"Folklor \u0142owicki\" class=\"wpr-anim-timing-ease-default\"><\/div><div class=\"wpr-grid-media-hover wpr-animation-wrap\"><div class=\"wpr-grid-media-hover-bg  wpr-overlay-fade-in wpr-anim-size-large wpr-anim-timing-ease-default wpr-anim-transparency\" data-url=\"http:\/\/nasze-projekty.pl\/?p=24\"><\/div><\/div><\/div><div class=\"wpr-grid-item-below-content elementor-clearfix\"><div class=\"wpr-grid-item-category elementor-repeater-item-7a9afee wpr-grid-item-display-block wpr-grid-item-align-left wpr-pointer-none wpr-pointer-line-fx wpr-pointer-fx-fade wpr-grid-tax-style-1\"><div class=\"inner-block\"><a class=\" wpr-tax-id-1\" href=\"http:\/\/nasze-projekty.pl\/?cat=1\">Kultura i folklor<\/a><\/div><\/div><h2 class=\"wpr-grid-item-title elementor-repeater-item-2d29edf wpr-grid-item-display-block wpr-grid-item-align-left wpr-pointer-none wpr-pointer-line-fx wpr-pointer-fx-fade\"><div class=\"inner-block\"><a target=\"_self\"  href=\"http:\/\/nasze-projekty.pl\/?p=24\">Folklor \u0142owicki<\/a><\/div><\/h2><div class=\"wpr-grid-item-date elementor-repeater-item-589fcd9 wpr-grid-item-display-block wpr-grid-item-align-left\"><div class=\"inner-block\"><span>2023-05-09<\/span><\/div><\/div><div class=\"wpr-grid-item-excerpt elementor-repeater-item-0025724 wpr-grid-item-display-block wpr-grid-item-align-left\"><div class=\"inner-block\"><p>Na folklor \u0142owicki sk\u0142ada si\u0119 kilka element\u00f3w, tj. stroje, gwara, taniec i muzyka, \u015bwi\u0119ta \u0142owickie (barwna procesja Bo\u017cego Cia\u0142a) i r\u0119kodzie\u0142a \u0142owickie, m.in. wycinanki i paj\u0105ki tworzone z kolorowego papieru.<\/p><\/div><\/div><div class=\"wpr-grid-item-read-more elementor-repeater-item-716d6c5 wpr-grid-item-display-block wpr-grid-item-align-left\"><div class=\"inner-block\"><a target=\"_self\" href=\"http:\/\/nasze-projekty.pl\/?p=24\" class=\"wpr-button-effect wpr-button-none\"><span>Read More<\/span><\/a><\/div><\/div><\/div><\/div><\/article><article class=\"wpr-grid-item elementor-clearfix post-127 post type-post status-publish format-standard has-post-thumbnail hentry category-kultura-i-folklor\"><div class=\"wpr-grid-item-inner\"><div class=\"wpr-grid-media-wrap wpr-effect-size-medium \" data-overlay-link=\"yes\"><div class=\"wpr-grid-image-wrap\" data-src=\"http:\/\/nasze-projekty.pl\/wp-content\/uploads\/2023\/05\/WG.jpg\" data-img-on-hover=\"\"  data-src-secondary=\"\"><img decoding=\"async\" data-no-lazy=\"1\" src=\"http:\/\/nasze-projekty.pl\/wp-content\/uploads\/2023\/05\/WG.jpg\" alt=\"Wielkanoc w Grecji\" class=\"wpr-anim-timing-ease-default\"><\/div><div class=\"wpr-grid-media-hover wpr-animation-wrap\"><div class=\"wpr-grid-media-hover-bg  wpr-overlay-fade-in wpr-anim-size-large wpr-anim-timing-ease-default wpr-anim-transparency\" data-url=\"http:\/\/nasze-projekty.pl\/?p=127\"><\/div><\/div><\/div><div class=\"wpr-grid-item-below-content elementor-clearfix\"><div class=\"wpr-grid-item-category elementor-repeater-item-7a9afee wpr-grid-item-display-block wpr-grid-item-align-left wpr-pointer-none wpr-pointer-line-fx wpr-pointer-fx-fade wpr-grid-tax-style-1\"><div class=\"inner-block\"><a class=\" wpr-tax-id-1\" href=\"http:\/\/nasze-projekty.pl\/?cat=1\">Kultura i folklor<\/a><\/div><\/div><h2 class=\"wpr-grid-item-title elementor-repeater-item-2d29edf wpr-grid-item-display-block wpr-grid-item-align-left wpr-pointer-none wpr-pointer-line-fx wpr-pointer-fx-fade\"><div class=\"inner-block\"><a target=\"_self\"  href=\"http:\/\/nasze-projekty.pl\/?p=127\">Wielkanoc w Grecji<\/a><\/div><\/h2><div class=\"wpr-grid-item-date elementor-repeater-item-589fcd9 wpr-grid-item-display-block wpr-grid-item-align-left\"><div class=\"inner-block\"><span>2023-05-09<\/span><\/div><\/div><div class=\"wpr-grid-item-excerpt elementor-repeater-item-0025724 wpr-grid-item-display-block wpr-grid-item-align-left\"><div class=\"inner-block\"><p>\u015awi\u0119ta Wielkanocne w Grecji to najwa\u017cniejszy czas w ca\u0142ym roku. Grecy wolne od pracy maj\u0105 ju\u017c od Wielkiego Pi\u0105tku do Poniedzia\u0142ku Wielkanocnego. Ca\u0142y Wielki Tydzie\u0144 chodz\u0105 do cerkwi i si\u0119 modl\u0105. \u015awi\u0119towanie zaczyna si\u0119 o p\u00f3\u0142nocy w sobot\u0119. Fajerwerki i ryk motor\u00f3w oznajmia zmartwychwstanie.<\/p><\/div><\/div><div class=\"wpr-grid-item-read-more elementor-repeater-item-716d6c5 wpr-grid-item-display-block wpr-grid-item-align-left\"><div class=\"inner-block\"><a target=\"_self\" href=\"http:\/\/nasze-projekty.pl\/?p=127\" class=\"wpr-button-effect wpr-button-none\"><span>Read More<\/span><\/a><\/div><\/div><\/div><\/div><\/article><article class=\"wpr-grid-item elementor-clearfix post-114 post type-post status-publish format-standard has-post-thumbnail hentry category-kultura-i-folklor\"><div class=\"wpr-grid-item-inner\"><div class=\"wpr-grid-media-wrap wpr-effect-size-medium \" data-overlay-link=\"yes\"><div class=\"wpr-grid-image-wrap\" data-src=\"http:\/\/nasze-projekty.pl\/wp-content\/uploads\/2023\/05\/co-to-jest-wielkanoc-122691-4_3-768x575.jpg\" data-img-on-hover=\"\"  data-src-secondary=\"\"><img decoding=\"async\" data-no-lazy=\"1\" src=\"http:\/\/nasze-projekty.pl\/wp-content\/uploads\/2023\/05\/co-to-jest-wielkanoc-122691-4_3-768x575.jpg\" alt=\"Wielkanoc w Polsce\" class=\"wpr-anim-timing-ease-default\"><\/div><div class=\"wpr-grid-media-hover wpr-animation-wrap\"><div class=\"wpr-grid-media-hover-bg  wpr-overlay-fade-in wpr-anim-size-large wpr-anim-timing-ease-default wpr-anim-transparency\" data-url=\"http:\/\/nasze-projekty.pl\/?p=114\"><\/div><\/div><\/div><div class=\"wpr-grid-item-below-content elementor-clearfix\"><div class=\"wpr-grid-item-category elementor-repeater-item-7a9afee wpr-grid-item-display-block wpr-grid-item-align-left wpr-pointer-none wpr-pointer-line-fx wpr-pointer-fx-fade wpr-grid-tax-style-1\"><div class=\"inner-block\"><a class=\" wpr-tax-id-1\" href=\"http:\/\/nasze-projekty.pl\/?cat=1\">Kultura i folklor<\/a><\/div><\/div><h2 class=\"wpr-grid-item-title elementor-repeater-item-2d29edf wpr-grid-item-display-block wpr-grid-item-align-left wpr-pointer-none wpr-pointer-line-fx wpr-pointer-fx-fade\"><div class=\"inner-block\"><a target=\"_self\"  href=\"http:\/\/nasze-projekty.pl\/?p=114\">Wielkanoc w Polsce<\/a><\/div><\/h2><div class=\"wpr-grid-item-date elementor-repeater-item-589fcd9 wpr-grid-item-display-block wpr-grid-item-align-left\"><div class=\"inner-block\"><span>2023-05-09<\/span><\/div><\/div><div class=\"wpr-grid-item-excerpt elementor-repeater-item-0025724 wpr-grid-item-display-block wpr-grid-item-align-left\"><div class=\"inner-block\"><p>Wielkanoc jest jednym z najwa\u017cniejszych \u015bwi\u0105t w Polsce, cz\u0119sto por\u00f3wnywalnym pod wzgl\u0119dem znaczenia kulturowego do Bo\u017cego Narodzenia.<\/p><\/div><\/div><div class=\"wpr-grid-item-read-more elementor-repeater-item-716d6c5 wpr-grid-item-display-block wpr-grid-item-align-left\"><div class=\"inner-block\"><a target=\"_self\" href=\"http:\/\/nasze-projekty.pl\/?p=114\" class=\"wpr-button-effect wpr-button-none\"><span>Read More<\/span><\/a><\/div><\/div><\/div><\/div><\/article><article class=\"wpr-grid-item elementor-clearfix post-104 post type-post status-publish format-standard has-post-thumbnail hentry category-kultura-i-folklor\"><div class=\"wpr-grid-item-inner\"><div class=\"wpr-grid-media-wrap wpr-effect-size-medium \" data-overlay-link=\"yes\"><div class=\"wpr-grid-image-wrap\" data-src=\"http:\/\/nasze-projekty.pl\/wp-content\/uploads\/2023\/05\/Projekt-bez-nazwy-1-768x545.png\" data-img-on-hover=\"\"  data-src-secondary=\"\"><img decoding=\"async\" data-no-lazy=\"1\" src=\"http:\/\/nasze-projekty.pl\/wp-content\/uploads\/2023\/05\/Projekt-bez-nazwy-1-768x545.png\" alt=\"Folklor Tesalii\" class=\"wpr-anim-timing-ease-default\"><\/div><div class=\"wpr-grid-media-hover wpr-animation-wrap\"><div class=\"wpr-grid-media-hover-bg  wpr-overlay-fade-in wpr-anim-size-large wpr-anim-timing-ease-default wpr-anim-transparency\" data-url=\"http:\/\/nasze-projekty.pl\/?p=104\"><\/div><\/div><\/div><div class=\"wpr-grid-item-below-content elementor-clearfix\"><div class=\"wpr-grid-item-category elementor-repeater-item-7a9afee wpr-grid-item-display-block wpr-grid-item-align-left wpr-pointer-none wpr-pointer-line-fx wpr-pointer-fx-fade wpr-grid-tax-style-1\"><div class=\"inner-block\"><a class=\" wpr-tax-id-1\" href=\"http:\/\/nasze-projekty.pl\/?cat=1\">Kultura i folklor<\/a><\/div><\/div><h2 class=\"wpr-grid-item-title elementor-repeater-item-2d29edf wpr-grid-item-display-block wpr-grid-item-align-left wpr-pointer-none wpr-pointer-line-fx wpr-pointer-fx-fade\"><div class=\"inner-block\"><a target=\"_self\"  href=\"http:\/\/nasze-projekty.pl\/?p=104\">Folklor Tesalii<\/a><\/div><\/h2><div class=\"wpr-grid-item-date elementor-repeater-item-589fcd9 wpr-grid-item-display-block wpr-grid-item-align-left\"><div class=\"inner-block\"><span>2023-05-09<\/span><\/div><\/div><div class=\"wpr-grid-item-excerpt elementor-repeater-item-0025724 wpr-grid-item-display-block wpr-grid-item-align-left\"><div class=\"inner-block\"><p>M\u0119ski i \u017ce\u0144ski taniec, kt\u00f3ry jest r\u00f3wnie\u017c wykonywany w Epirze. Jest to taniec &quot;siedz\u0105cy&quot; i by\u0142 zwykle ta\u0144czony na weselach, kiedy krewni towarzyszyli m\u0142odej parze do ko\u015bcio\u0142a. Dlatego nie ma ustalonego kszta\u0142tu i wyr\u00f3\u017cnia si\u0119 swobod\u0105 i du\u017c\u0105 r\u00f3\u017cnorodno\u015bci\u0105 krok\u00f3w<\/p><\/div><\/div><div class=\"wpr-grid-item-read-more elementor-repeater-item-716d6c5 wpr-grid-item-display-block wpr-grid-item-align-left\"><div class=\"inner-block\"><a target=\"_self\" href=\"http:\/\/nasze-projekty.pl\/?p=104\" class=\"wpr-button-effect wpr-button-none\"><span>Read More<\/span><\/a><\/div><\/div><\/div><\/div><\/article><\/section><div class=\"wpr-grid-pagination elementor-clearfix wpr-grid-pagination-numbered\" data-pages=\"2\"><div class=\"wpr-grid-pagi-left-arrows\"><span class=\"wpr-prev-page wpr-disabled-arrow\"><i class=\"fas fa-angle-double-left\"><\/i><span>Prev<\/span><\/span><\/div><span class=\"wpr-grid-current-page\">1<\/span><a href=\"http:\/\/nasze-projekty.pl\/index.php?rest_route=%2Fwp%2Fv2%2Fpages%2F5&#038;paged=2\">2<\/a><div class=\"wpr-grid-pagi-right-arrows\"><a href=\"http:\/\/nasze-projekty.pl\/index.php?rest_route=%2Fwp%2Fv2%2Fpages%2F5&#038;paged=2\" class=\"wpr-next-page\"><span>Next<\/span><i class=\"fas fa-angle-double-right\"><\/i><\/a><\/div><\/div>\t\t\t\t<\/div>\n\t\t\t\t<\/div>\n\t\t\t\t\t<\/div>\n\t\t<\/div>\n\t\t\t\t\t<\/div>\n\t\t<\/section>\n\t\t\t\t<\/div>\n\t\t","protected":false},"excerpt":{"rendered":"<p>Kultura i obyczaje narz\u0119dziem wzmacniania kompetencji kluczowych uczni\u00f3w Szko\u0142y Podstawowej w B\u0105kowie G\u00f3rnym 2021-1-PMU-4410 Kultura i folklor Kultura i folklor O PROJEKCIE 2023-07-10 19 czerwca 2023 r. podsumowali\u015bmy projekt, kt\u00f3ry by\u0142 realizowany przez 20 uczni\u00f3w naszej szko\u0142y podczas dwutygodniowego pobytu w Grecji \u2013 pod nazw\u0105 \u201e Kultura i obyczaje narz\u0119dziem wzmacniania kompetencji kluczowych uczni\u00f3w Szko\u0142y Podstawowej w B\u0105kowie G\u00f3rnym\u201d Read More Kultura i folklor Amfiteatr w Larisie 2023-06-21 Teatr w Larisie \u2013 staro\u017cytny teatr grecki z III w. p.n.e. w Larisie, jeden z najwi\u0119kszych tego typu w Grecji \u2013 na 10 tys. widz\u00f3w, funkcjonuj\u0105cy pocz\u0105tkowo jako teatr i miejsce spotka\u0144 najwy\u017cszego regionalnego organu administracyjnego Ligii Tesalskiej, pod koniec I w. p.n.e. przekszta\u0142cony w rzymsk\u0105 aren\u0119. W 2014 roku teatr zosta\u0142 wpisany na greck\u0105 list\u0119 informacyjn\u0105 UNESCO. Read More Kultura i folklor Greek cuisine 2023-05-10 Greek cuisine is primarily olive oil, fresh vegetables, honey, feta cheese and yogurt. There is also no shortage of fish, seafood and meat dishes. The secret to the good taste of Greek dishes is always fresh and natural ingredients and homemade recipes that have been used for generations. The Greeks attach great importance to the preparation of meals and the consumption itself. Read More Kultura i folklor Pa\u0142ac w Walewicach 2023-05-09 Pa\u0142ac zaliczany jest do najciekawszych przyk\u0142ad\u00f3w klasycystycznych siedzib wiejskich w\u00a0Polsce, zbudowanych u schy\u0142ku XVIII w. Frontem zwr\u00f3cony jest na wsch\u00f3d. Sk\u0142ada si\u0119 z pi\u0119trowego, prostok\u0105tnego korpusu g\u0142\u00f3wnego i pi\u0119trowych pawilon\u00f3w bocznych wzniesionych r\u00f3wnie\u017c na planie prostok\u0105ta, po\u0142\u0105czonych z bry\u0142\u0105 g\u0142\u00f3wn\u0105 galeriami komunikacyjnymi za\u0142amanymi pod k\u0105tem prostym. Za\u0142o\u017cenie bazuje na stylu\u00a0palladia\u0144skim, bardzo popularnym w Polsce w drugiej po\u0142owie XVIII i pierwszej XIX w. Read More Kultura i folklor Polish food 2023-05-09 In this post we present our regional food from B\u0105k\u00f3w G\u00f3rny in Poland. You will learn about beetroot stock, bigos, broth, pork chop, tomato soup and pierogi. Read More Kultura i folklor Folklor \u0142owicki 2023-05-09 Na folklor \u0142owicki sk\u0142ada si\u0119 kilka element\u00f3w, tj. stroje, gwara, taniec i muzyka, \u015bwi\u0119ta \u0142owickie (barwna procesja Bo\u017cego Cia\u0142a) i r\u0119kodzie\u0142a \u0142owickie, m.in. wycinanki i paj\u0105ki tworzone z kolorowego papieru. Read More Kultura i folklor Wielkanoc w Grecji 2023-05-09 \u015awi\u0119ta Wielkanocne w Grecji to najwa\u017cniejszy czas w ca\u0142ym roku. Grecy wolne od pracy maj\u0105 ju\u017c od Wielkiego Pi\u0105tku do Poniedzia\u0142ku Wielkanocnego. Ca\u0142y Wielki Tydzie\u0144 chodz\u0105 do cerkwi i si\u0119 modl\u0105. \u015awi\u0119towanie zaczyna si\u0119 o p\u00f3\u0142nocy w sobot\u0119. Fajerwerki i ryk motor\u00f3w oznajmia zmartwychwstanie. Read More Kultura i folklor Wielkanoc w Polsce 2023-05-09 Wielkanoc jest jednym z najwa\u017cniejszych \u015bwi\u0105t w Polsce, cz\u0119sto por\u00f3wnywalnym pod wzgl\u0119dem znaczenia kulturowego do Bo\u017cego Narodzenia. Read More Kultura i folklor Folklor Tesalii 2023-05-09 M\u0119ski i \u017ce\u0144ski taniec, kt\u00f3ry jest r\u00f3wnie\u017c wykonywany w Epirze. Jest to taniec &quot;siedz\u0105cy&quot; i by\u0142 zwykle ta\u0144czony na weselach, kiedy krewni towarzyszyli m\u0142odej parze do ko\u015bcio\u0142a. Dlatego nie ma ustalonego kszta\u0142tu i wyr\u00f3\u017cnia si\u0119 swobod\u0105 i du\u017c\u0105 r\u00f3\u017cnorodno\u015bci\u0105 krok\u00f3w Read More Prev12Next<\/p>\n","protected":false},"author":1,"featured_media":0,"parent":0,"menu_order":0,"comment_status":"closed","ping_status":"closed","template":"elementor_canvas","meta":{"footnotes":""},"class_list":["post-5","page","type-page","status-publish","hentry"],"_links":{"self":[{"href":"http:\/\/nasze-projekty.pl\/index.php?rest_route=\/wp\/v2\/pages\/5","targetHints":{"allow":["GET"]}}],"collection":[{"href":"http:\/\/nasze-projekty.pl\/index.php?rest_route=\/wp\/v2\/pages"}],"about":[{"href":"http:\/\/nasze-projekty.pl\/index.php?rest_route=\/wp\/v2\/types\/page"}],"author":[{"embeddable":true,"href":"http:\/\/nasze-projekty.pl\/index.php?rest_route=\/wp\/v2\/users\/1"}],"replies":[{"embeddable":true,"href":"http:\/\/nasze-projekty.pl\/index.php?rest_route=%2Fwp%2Fv2%2Fcomments&post=5"}],"version-history":[{"count":71,"href":"http:\/\/nasze-projekty.pl\/index.php?rest_route=\/wp\/v2\/pages\/5\/revisions"}],"predecessor-version":[{"id":629,"href":"http:\/\/nasze-projekty.pl\/index.php?rest_route=\/wp\/v2\/pages\/5\/revisions\/629"}],"wp:attachment":[{"href":"http:\/\/nasze-projekty.pl\/index.php?rest_route=%2Fwp%2Fv2%2Fmedia&parent=5"}],"curies":[{"name":"wp","href":"https:\/\/api.w.org\/{rel}","templated":true}]}}